{"id":8906,"date":"2022-08-18T06:36:49","date_gmt":"2022-08-18T04:36:49","guid":{"rendered":"https:\/\/www.pasflights.com\/?page_id=8906"},"modified":"2025-03-20T08:56:15","modified_gmt":"2025-03-20T07:56:15","slug":"blog","status":"publish","type":"page","link":"https:\/\/www.pasflights.com\/de\/blog\/","title":{"rendered":"Blog"},"content":{"rendered":"\t\t<div data-elementor-type=\"wp-page\" data-elementor-id=\"8906\" class=\"elementor elementor-8906\" data-elementor-post-type=\"page\">\n\t\t\t\t\t\t<section class=\"elementor-section elementor-top-section elementor-element elementor-element-95eeb79 elementor-section-boxed elementor-section-height-default elementor-section-height-default\" data-id=\"95eeb79\" data-element_type=\"section\" data-e-type=\"section\">\n\t\t\t\t\t\t<div class=\"elementor-container elementor-column-gap-default\">\n\t\t\t\t\t<div class=\"elementor-column elementor-col-100 elementor-top-column elementor-element elementor-element-65ef101\" data-id=\"65ef101\" data-element_type=\"column\" data-e-type=\"column\">\n\t\t\t<div class=\"elementor-widget-wrap elementor-element-populated\">\n\t\t\t\t\t\t<div class=\"elementor-element elementor-element-b3f602d elementor-widget elementor-widget-text-editor\" data-id=\"b3f602d\" data-element_type=\"widget\" data-e-type=\"widget\" data-widget_type=\"text-editor.default\">\n\t\t\t\t<div class=\"elementor-widget-container\">\n\t\t\t\t\t\t\t\t\t<a href=\"https:\/\/www.pasflights.com\/news\/\">News und Trends<\/a> \u00a0 | \u00a0 <a href=\"https:\/\/www.pasflights.com\/ratgeber\/\">Ratgeber<\/a> \u00a0 | \u00a0 <a href=\"https:\/\/www.pasflights.com\/reiseziele-reiseerlebnisse\/\">Reiseziele &amp; Reiseerlebnisse<\/a> \u00a0 | \u00a0 <a href=\"https:\/\/www.pasflights.com\/pas-inside\/\">PAS Inside<\/a>\t\t\t\t\t\t\t\t<\/div>\n\t\t\t\t<\/div>\n\t\t\t\t\t<\/div>\n\t\t<\/div>\n\t\t\t\t\t<\/div>\n\t\t<\/section>\n\t\t\t\t<section class=\"elementor-section elementor-top-section elementor-element elementor-element-fea4948 elementor-section-boxed elementor-section-height-default elementor-section-height-default\" data-id=\"fea4948\" data-element_type=\"section\" data-e-type=\"section\">\n\t\t\t\t\t\t<div class=\"elementor-container elementor-column-gap-default\">\n\t\t\t\t\t<div class=\"elementor-column elementor-col-100 elementor-top-column elementor-element elementor-element-62ef47b\" data-id=\"62ef47b\" data-element_type=\"column\" data-e-type=\"column\">\n\t\t\t<div class=\"elementor-widget-wrap elementor-element-populated\">\n\t\t\t\t\t\t<div class=\"elementor-element elementor-element-08b2896 elementor-grid-3 elementor-grid-tablet-2 elementor-grid-mobile-1 elementor-posts--thumbnail-top elementor-card-shadow-yes elementor-posts__hover-gradient elementor-widget elementor-widget-posts\" data-id=\"08b2896\" data-element_type=\"widget\" data-e-type=\"widget\" data-settings=\"{&quot;cards_columns&quot;:&quot;3&quot;,&quot;cards_columns_tablet&quot;:&quot;2&quot;,&quot;cards_columns_mobile&quot;:&quot;1&quot;,&quot;cards_row_gap&quot;:{&quot;unit&quot;:&quot;px&quot;,&quot;size&quot;:35,&quot;sizes&quot;:[]},&quot;cards_row_gap_tablet&quot;:{&quot;unit&quot;:&quot;px&quot;,&quot;size&quot;:&quot;&quot;,&quot;sizes&quot;:[]},&quot;cards_row_gap_mobile&quot;:{&quot;unit&quot;:&quot;px&quot;,&quot;size&quot;:&quot;&quot;,&quot;sizes&quot;:[]}}\" data-widget_type=\"posts.cards\">\n\t\t\t\t<div class=\"elementor-widget-container\">\n\t\t\t\t\t\t\t<div class=\"elementor-posts-container elementor-posts elementor-posts--skin-cards elementor-grid\" role=\"list\">\n\t\t\t\t<article class=\"elementor-post elementor-grid-item post-24775 post type-post status-publish format-standard has-post-thumbnail hentry category-news-trends\" role=\"listitem\">\n\t\t\t<div class=\"elementor-post__card\">\n\t\t\t\t<a class=\"elementor-post__thumbnail__link\" href=\"https:\/\/www.pasflights.com\/de\/fussball-weltmeisterschaft-2026\/\" tabindex=\"-1\" ><div class=\"elementor-post__thumbnail\"><img fetchpriority=\"high\" decoding=\"async\" width=\"800\" height=\"534\" src=\"https:\/\/emtoqdv5thq.exactdn.com\/wp-content\/uploads\/2026\/01\/iStock-1129575516.jpg?strip=all&amp;fit=800%2C534\" class=\"attachment-large size-large wp-image-24512\" alt=\"Beine eines Fu\u00dfballspielers, der im Stadion den Ball kickt\" srcset=\"https:\/\/emtoqdv5thq.exactdn.com\/wp-content\/uploads\/2026\/01\/iStock-1129575516.jpg?strip=all 2121w, https:\/\/emtoqdv5thq.exactdn.com\/wp-content\/uploads\/2026\/01\/iStock-1129575516-300x200.jpg?strip=all 300w, https:\/\/emtoqdv5thq.exactdn.com\/wp-content\/uploads\/2026\/01\/iStock-1129575516-1024x683.jpg?strip=all 1024w, https:\/\/emtoqdv5thq.exactdn.com\/wp-content\/uploads\/2026\/01\/iStock-1129575516-768x512.jpg?strip=all 768w, https:\/\/emtoqdv5thq.exactdn.com\/wp-content\/uploads\/2026\/01\/iStock-1129575516-1536x1024.jpg?strip=all 1536w, https:\/\/emtoqdv5thq.exactdn.com\/wp-content\/uploads\/2026\/01\/iStock-1129575516-2048x1365.jpg?strip=all 2048w, https:\/\/emtoqdv5thq.exactdn.com\/wp-content\/uploads\/2026\/01\/iStock-1129575516.jpg?strip=all&amp;w=424 424w, https:\/\/emtoqdv5thq.exactdn.com\/wp-content\/uploads\/2026\/01\/iStock-1129575516.jpg?strip=all&amp;w=848 848w, https:\/\/emtoqdv5thq.exactdn.com\/wp-content\/uploads\/2026\/01\/iStock-1129575516.jpg?strip=all&amp;w=1272 1272w, https:\/\/emtoqdv5thq.exactdn.com\/wp-content\/uploads\/2026\/01\/iStock-1129575516.jpg?strip=all&amp;w=1696 1696w\" sizes=\"(max-width: 800px) 100vw, 800px\" \/><\/div><\/a>\n\t\t\t\t<div class=\"elementor-post__badge\">News &amp; Trends<\/div>\n\t\t\t\t<div class=\"elementor-post__text\">\n\t\t\t\t<h3 class=\"elementor-post__title\">\n\t\t\t<a href=\"https:\/\/www.pasflights.com\/de\/fussball-weltmeisterschaft-2026\/\" >\n\t\t\t\tFu\u00dfball-Weltmeisterschaft 2026\t\t\t<\/a>\n\t\t<\/h3>\n\t\t\t\t<div class=\"elementor-post__excerpt\">\n\t\t\t<p>Fu\u00dfball-WM 2026: Exklusive Flugl\u00f6sungen mit PASflights Die Fu\u00dfball-WM 2026 wird ein Turnier der Superlative. Zum ersten Mal findet eine Weltmeisterschaft in drei L\u00e4ndern statt: den<\/p>\n\t\t<\/div>\n\t\t\n\t\t<a class=\"elementor-post__read-more\" href=\"https:\/\/www.pasflights.com\/de\/fussball-weltmeisterschaft-2026\/\" aria-label=\"Mehr \u00fcber Fu\u00dfball-Weltmeisterschaft 2026\" tabindex=\"-1\" >\n\t\t\tWeiterlesen \u00bb\t\t<\/a>\n\n\t\t\t\t<\/div>\n\t\t\t\t<div class=\"elementor-post__meta-data\">\n\t\t\t\t\t<span class=\"elementor-post-date\">\n\t\t\t6. M\u00e4rz 2026\t\t<\/span>\n\t\t\t\t<\/div>\n\t\t\t\t\t<\/div>\n\t\t<\/article>\n\t\t\t\t<article class=\"elementor-post elementor-grid-item post-24835 post type-post status-publish format-standard has-post-thumbnail hentry category-news-trends\" role=\"listitem\">\n\t\t\t<div class=\"elementor-post__card\">\n\t\t\t\t<a class=\"elementor-post__thumbnail__link\" href=\"https:\/\/www.pasflights.com\/de\/e-sports\/\" tabindex=\"-1\" ><div class=\"elementor-post__thumbnail\"><img decoding=\"async\" width=\"800\" height=\"450\" src=\"https:\/\/emtoqdv5thq.exactdn.com\/wp-content\/uploads\/2026\/01\/iStock-1357434622.jpg?strip=all&amp;fit=800%2C450\" class=\"attachment-large size-large wp-image-24840\" alt=\"Ein vielf\u00e4ltiges E-Sport-Team aus Profispielern, die bei einer Meisterschaft ein Videospiel bestreiten.\" srcset=\"https:\/\/emtoqdv5thq.exactdn.com\/wp-content\/uploads\/2026\/01\/iStock-1357434622.jpg?strip=all 2309w, https:\/\/emtoqdv5thq.exactdn.com\/wp-content\/uploads\/2026\/01\/iStock-1357434622-300x169.jpg?strip=all 300w, https:\/\/emtoqdv5thq.exactdn.com\/wp-content\/uploads\/2026\/01\/iStock-1357434622-1024x576.jpg?strip=all 1024w, https:\/\/emtoqdv5thq.exactdn.com\/wp-content\/uploads\/2026\/01\/iStock-1357434622-768x432.jpg?strip=all 768w, https:\/\/emtoqdv5thq.exactdn.com\/wp-content\/uploads\/2026\/01\/iStock-1357434622-1536x864.jpg?strip=all 1536w, https:\/\/emtoqdv5thq.exactdn.com\/wp-content\/uploads\/2026\/01\/iStock-1357434622-2048x1152.jpg?strip=all 2048w, https:\/\/emtoqdv5thq.exactdn.com\/wp-content\/uploads\/2026\/01\/iStock-1357434622.jpg?strip=all&amp;w=461 461w, https:\/\/emtoqdv5thq.exactdn.com\/wp-content\/uploads\/2026\/01\/iStock-1357434622.jpg?strip=all&amp;w=923 923w, https:\/\/emtoqdv5thq.exactdn.com\/wp-content\/uploads\/2026\/01\/iStock-1357434622.jpg?strip=all&amp;w=1385 1385w, https:\/\/emtoqdv5thq.exactdn.com\/wp-content\/uploads\/2026\/01\/iStock-1357434622.jpg?strip=all&amp;w=1847 1847w\" sizes=\"(max-width: 800px) 100vw, 800px\" \/><\/div><\/a>\n\t\t\t\t<div class=\"elementor-post__badge\">News &amp; Trends<\/div>\n\t\t\t\t<div class=\"elementor-post__text\">\n\t\t\t\t<h3 class=\"elementor-post__title\">\n\t\t\t<a href=\"https:\/\/www.pasflights.com\/de\/e-sports\/\" >\n\t\t\t\tE-Sports 2026: weltweite Fl\u00fcge zu gro\u00dfen Gaming-Events\t\t\t<\/a>\n\t\t<\/h3>\n\t\t\t\t<div class=\"elementor-post__excerpt\">\n\t\t\t<p>Die Gaming- und E-Sports-Szene w\u00e4chst rasant \u2013 weltweit entstehen neue Turniere, Arenen, Messen und Festivals. F\u00fcr Unternehmen, Teams, Influencer und E-Gaming-Fans bedeutet das: Reiseplanung wird<\/p>\n\t\t<\/div>\n\t\t\n\t\t<a class=\"elementor-post__read-more\" href=\"https:\/\/www.pasflights.com\/de\/e-sports\/\" aria-label=\"Mehr \u00fcber E-Sports 2026: weltweite Fl\u00fcge zu gro\u00dfen Gaming-Events\" tabindex=\"-1\" >\n\t\t\tWeiterlesen \u00bb\t\t<\/a>\n\n\t\t\t\t<\/div>\n\t\t\t\t<div class=\"elementor-post__meta-data\">\n\t\t\t\t\t<span class=\"elementor-post-date\">\n\t\t\t26. Januar 2026\t\t<\/span>\n\t\t\t\t<\/div>\n\t\t\t\t\t<\/div>\n\t\t<\/article>\n\t\t\t\t<article class=\"elementor-post elementor-grid-item post-23997 post type-post status-publish format-standard has-post-thumbnail hentry category-ratgeber\" role=\"listitem\">\n\t\t\t<div class=\"elementor-post__card\">\n\t\t\t\t<a class=\"elementor-post__thumbnail__link\" href=\"https:\/\/www.pasflights.com\/de\/privatjet-oder-linienflug\/\" tabindex=\"-1\" ><div class=\"elementor-post__thumbnail\"><img decoding=\"async\" width=\"800\" height=\"534\" src=\"https:\/\/emtoqdv5thq.exactdn.com\/wp-content\/uploads\/2025\/09\/iStock-497221750.jpg?strip=all&amp;fit=800%2C534\" class=\"attachment-large size-large wp-image-22715\" alt=\"\" srcset=\"https:\/\/emtoqdv5thq.exactdn.com\/wp-content\/uploads\/2025\/09\/iStock-497221750.jpg?strip=all 2560w, https:\/\/emtoqdv5thq.exactdn.com\/wp-content\/uploads\/2025\/09\/iStock-497221750-300x200.jpg?strip=all 300w, https:\/\/emtoqdv5thq.exactdn.com\/wp-content\/uploads\/2025\/09\/iStock-497221750-1024x683.jpg?strip=all 1024w, https:\/\/emtoqdv5thq.exactdn.com\/wp-content\/uploads\/2025\/09\/iStock-497221750-768x512.jpg?strip=all 768w, https:\/\/emtoqdv5thq.exactdn.com\/wp-content\/uploads\/2025\/09\/iStock-497221750-1536x1024.jpg?strip=all 1536w, https:\/\/emtoqdv5thq.exactdn.com\/wp-content\/uploads\/2025\/09\/iStock-497221750-2048x1366.jpg?strip=all 2048w, https:\/\/emtoqdv5thq.exactdn.com\/wp-content\/uploads\/2025\/09\/iStock-497221750.jpg?strip=all&amp;w=512 512w, https:\/\/emtoqdv5thq.exactdn.com\/wp-content\/uploads\/2025\/09\/iStock-497221750.jpg?strip=all&amp;w=450 450w\" sizes=\"(max-width: 800px) 100vw, 800px\" \/><\/div><\/a>\n\t\t\t\t<div class=\"elementor-post__badge\">Ratgeber<\/div>\n\t\t\t\t<div class=\"elementor-post__text\">\n\t\t\t\t<h3 class=\"elementor-post__title\">\n\t\t\t<a href=\"https:\/\/www.pasflights.com\/de\/privatjet-oder-linienflug\/\" >\n\t\t\t\tPrivatjet oder Linienflug? Der kompakte Vergleich\t\t\t<\/a>\n\t\t<\/h3>\n\t\t\t\t<div class=\"elementor-post__excerpt\">\n\t\t\t<p>Wer dar\u00fcber nachdenkt, einen Privatjet in Anspruch zu nehmen, stellt sich fr\u00fcher oder sp\u00e4ter die Frage: Ist Fliegen im Privatjet wirklich deutlich teurer als ein<\/p>\n\t\t<\/div>\n\t\t\n\t\t<a class=\"elementor-post__read-more\" href=\"https:\/\/www.pasflights.com\/de\/privatjet-oder-linienflug\/\" aria-label=\"Mehr \u00fcber Privatjet oder Linienflug? Der kompakte Vergleich\" tabindex=\"-1\" >\n\t\t\tWeiterlesen \u00bb\t\t<\/a>\n\n\t\t\t\t<\/div>\n\t\t\t\t<div class=\"elementor-post__meta-data\">\n\t\t\t\t\t<span class=\"elementor-post-date\">\n\t\t\t25. November 2025\t\t<\/span>\n\t\t\t\t<\/div>\n\t\t\t\t\t<\/div>\n\t\t<\/article>\n\t\t\t\t<article class=\"elementor-post elementor-grid-item post-23404 post type-post status-publish format-standard has-post-thumbnail hentry category-news-trends\" role=\"listitem\">\n\t\t\t<div class=\"elementor-post__card\">\n\t\t\t\t<a class=\"elementor-post__thumbnail__link\" href=\"https:\/\/www.pasflights.com\/de\/olympische-winterspiele-2026\/\" tabindex=\"-1\" ><div class=\"elementor-post__thumbnail\"><img loading=\"lazy\" decoding=\"async\" width=\"800\" height=\"534\" src=\"https:\/\/emtoqdv5thq.exactdn.com\/wp-content\/uploads\/2025\/09\/Olimpiadi-Invernali-2026-6.jpg?strip=all&amp;fit=800%2C534\" class=\"attachment-large size-large wp-image-22669\" alt=\"\" srcset=\"https:\/\/emtoqdv5thq.exactdn.com\/wp-content\/uploads\/2025\/09\/Olimpiadi-Invernali-2026-6.jpg?strip=all 1200w, https:\/\/emtoqdv5thq.exactdn.com\/wp-content\/uploads\/2025\/09\/Olimpiadi-Invernali-2026-6-300x200.jpg?strip=all 300w, https:\/\/emtoqdv5thq.exactdn.com\/wp-content\/uploads\/2025\/09\/Olimpiadi-Invernali-2026-6-1024x683.jpg?strip=all 1024w, https:\/\/emtoqdv5thq.exactdn.com\/wp-content\/uploads\/2025\/09\/Olimpiadi-Invernali-2026-6-768x512.jpg?strip=all 768w, https:\/\/emtoqdv5thq.exactdn.com\/wp-content\/uploads\/2025\/09\/Olimpiadi-Invernali-2026-6.jpg?strip=all&amp;w=240 240w, https:\/\/emtoqdv5thq.exactdn.com\/wp-content\/uploads\/2025\/09\/Olimpiadi-Invernali-2026-6.jpg?strip=all&amp;w=480 480w, https:\/\/emtoqdv5thq.exactdn.com\/wp-content\/uploads\/2025\/09\/Olimpiadi-Invernali-2026-6.jpg?strip=all&amp;w=960 960w\" sizes=\"(max-width: 800px) 100vw, 800px\" \/><\/div><\/a>\n\t\t\t\t<div class=\"elementor-post__badge\">News &amp; Trends<\/div>\n\t\t\t\t<div class=\"elementor-post__text\">\n\t\t\t\t<h3 class=\"elementor-post__title\">\n\t\t\t<a href=\"https:\/\/www.pasflights.com\/de\/olympische-winterspiele-2026\/\" >\n\t\t\t\tOlympische Winterspiele 2026: Flugh\u00e4fen &#038; Charterfl\u00fcge\t\t\t<\/a>\n\t\t<\/h3>\n\t\t\t\t<div class=\"elementor-post__excerpt\">\n\t\t\t<p>Die Olympischen Winterspiele 2026 in Mailand\u2013Cortina sind eines der Sporthighlights dieser Dekade. Austragungsorte sind vom 6. bis zum 22. Februar 2026 unter anderem Mailand, Cortina<\/p>\n\t\t<\/div>\n\t\t\n\t\t<a class=\"elementor-post__read-more\" href=\"https:\/\/www.pasflights.com\/de\/olympische-winterspiele-2026\/\" aria-label=\"Mehr \u00fcber Olympische Winterspiele 2026: Flugh\u00e4fen &#038; Charterfl\u00fcge\" tabindex=\"-1\" >\n\t\t\tWeiterlesen \u00bb\t\t<\/a>\n\n\t\t\t\t<\/div>\n\t\t\t\t<div class=\"elementor-post__meta-data\">\n\t\t\t\t\t<span class=\"elementor-post-date\">\n\t\t\t30. Oktober 2025\t\t<\/span>\n\t\t\t\t<\/div>\n\t\t\t\t\t<\/div>\n\t\t<\/article>\n\t\t\t\t<article class=\"elementor-post elementor-grid-item post-21060 post type-post status-publish format-standard has-post-thumbnail hentry category-reiseziele-reiseerlebnisse tag-arvidsjaur tag-lappland\" role=\"listitem\">\n\t\t\t<div class=\"elementor-post__card\">\n\t\t\t\t<a class=\"elementor-post__thumbnail__link\" href=\"https:\/\/www.pasflights.com\/de\/direktfluege-nach-lappland-der-polar-air-shuttle-hebt-ab-winter-2025-2026\/\" tabindex=\"-1\" ><div class=\"elementor-post__thumbnail\"><img loading=\"lazy\" decoding=\"async\" width=\"800\" height=\"534\" src=\"https:\/\/emtoqdv5thq.exactdn.com\/wp-content\/uploads\/2025\/06\/Photoshoot-PAS_-Arvidsjaur-04Dec2023_-2.jpg?strip=all&amp;fit=800%2C534\" class=\"attachment-large size-large wp-image-21065\" alt=\"Ein Flugzeug landet auf einer Schneebedeckten Landebahn in Arvidsjaur - Schwedisch Lappland - Polar Air Shuttle\" srcset=\"https:\/\/emtoqdv5thq.exactdn.com\/wp-content\/uploads\/2025\/06\/Photoshoot-PAS_-Arvidsjaur-04Dec2023_-2.jpg?strip=all 2446w, https:\/\/emtoqdv5thq.exactdn.com\/wp-content\/uploads\/2025\/06\/Photoshoot-PAS_-Arvidsjaur-04Dec2023_-2-300x200.jpg?strip=all 300w, https:\/\/emtoqdv5thq.exactdn.com\/wp-content\/uploads\/2025\/06\/Photoshoot-PAS_-Arvidsjaur-04Dec2023_-2-1024x683.jpg?strip=all 1024w, https:\/\/emtoqdv5thq.exactdn.com\/wp-content\/uploads\/2025\/06\/Photoshoot-PAS_-Arvidsjaur-04Dec2023_-2-768x512.jpg?strip=all 768w, https:\/\/emtoqdv5thq.exactdn.com\/wp-content\/uploads\/2025\/06\/Photoshoot-PAS_-Arvidsjaur-04Dec2023_-2-1536x1024.jpg?strip=all 1536w, https:\/\/emtoqdv5thq.exactdn.com\/wp-content\/uploads\/2025\/06\/Photoshoot-PAS_-Arvidsjaur-04Dec2023_-2-2048x1366.jpg?strip=all 2048w, https:\/\/emtoqdv5thq.exactdn.com\/wp-content\/uploads\/2025\/06\/Photoshoot-PAS_-Arvidsjaur-04Dec2023_-2.jpg?strip=all&amp;w=489 489w, https:\/\/emtoqdv5thq.exactdn.com\/wp-content\/uploads\/2025\/06\/Photoshoot-PAS_-Arvidsjaur-04Dec2023_-2.jpg?strip=all&amp;w=1467 1467w, https:\/\/emtoqdv5thq.exactdn.com\/wp-content\/uploads\/2025\/06\/Photoshoot-PAS_-Arvidsjaur-04Dec2023_-2.jpg?strip=all&amp;w=1956 1956w\" sizes=\"(max-width: 800px) 100vw, 800px\" \/><\/div><\/a>\n\t\t\t\t<div class=\"elementor-post__badge\">Reiseziele &amp; Reiseerlebnisse<\/div>\n\t\t\t\t<div class=\"elementor-post__text\">\n\t\t\t\t<h3 class=\"elementor-post__title\">\n\t\t\t<a href=\"https:\/\/www.pasflights.com\/de\/direktfluege-nach-lappland-der-polar-air-shuttle-hebt-ab-winter-2025-2026\/\" >\n\t\t\t\tPolar Air Shuttle: Direktfl\u00fcge nach Lappland ab Winter 2025\t\t\t<\/a>\n\t\t<\/h3>\n\t\t\t\t<div class=\"elementor-post__excerpt\">\n\t\t\t<p>Zur\u00fcck in den Winterzauber \u2013 Der Polar Air Shuttle startet wieder! Lappland ruft! Ab dem\u00a01. Dezember 2025\u00a0startet der\u00a0Polar Air Shuttle\u00a0wieder in die verschneiten Weiten Nordschwedens<\/p>\n\t\t<\/div>\n\t\t\n\t\t<a class=\"elementor-post__read-more\" href=\"https:\/\/www.pasflights.com\/de\/direktfluege-nach-lappland-der-polar-air-shuttle-hebt-ab-winter-2025-2026\/\" aria-label=\"Mehr \u00fcber Polar Air Shuttle: Direktfl\u00fcge nach Lappland ab Winter 2025\" tabindex=\"-1\" >\n\t\t\tWeiterlesen \u00bb\t\t<\/a>\n\n\t\t\t\t<\/div>\n\t\t\t\t<div class=\"elementor-post__meta-data\">\n\t\t\t\t\t<span class=\"elementor-post-date\">\n\t\t\t20. Juni 2025\t\t<\/span>\n\t\t\t\t<\/div>\n\t\t\t\t\t<\/div>\n\t\t<\/article>\n\t\t\t\t<article class=\"elementor-post elementor-grid-item post-20678 post type-post status-publish format-standard has-post-thumbnail hentry category-news-trends category-pas-inside tag-messe tag-privat-jet-charter\" role=\"listitem\">\n\t\t\t<div class=\"elementor-post__card\">\n\t\t\t\t<a class=\"elementor-post__thumbnail__link\" href=\"https:\/\/www.pasflights.com\/de\/aero-2025-friedrichshafen\/\" tabindex=\"-1\" ><div class=\"elementor-post__thumbnail\"><img loading=\"lazy\" decoding=\"async\" width=\"800\" height=\"534\" src=\"https:\/\/emtoqdv5thq.exactdn.com\/wp-content\/uploads\/2025\/04\/ABB2971-scaled.jpe?strip=all&amp;fit=800%2C534\" class=\"attachment-large size-large wp-image-20680\" alt=\"Drei Personen l\u00e4cheln an einem Messestand. Im Hintergrund ist ein Roll-up mit Text: \u201eKOOPERATIV. BEDEUTEND. KRAFTVOLL.\u201c. Der Stand enth\u00e4lt Visitenkarten und Dekoration.\" srcset=\"https:\/\/emtoqdv5thq.exactdn.com\/wp-content\/uploads\/2025\/04\/ABB2971-scaled.jpe?strip=all 2560w, https:\/\/emtoqdv5thq.exactdn.com\/wp-content\/uploads\/2025\/04\/ABB2971-300x200.jpe?strip=all 300w, https:\/\/emtoqdv5thq.exactdn.com\/wp-content\/uploads\/2025\/04\/ABB2971-1024x683.jpe?strip=all 1024w, https:\/\/emtoqdv5thq.exactdn.com\/wp-content\/uploads\/2025\/04\/ABB2971-768x512.jpe?strip=all 768w, https:\/\/emtoqdv5thq.exactdn.com\/wp-content\/uploads\/2025\/04\/ABB2971-1536x1024.jpe?strip=all 1536w, https:\/\/emtoqdv5thq.exactdn.com\/wp-content\/uploads\/2025\/04\/ABB2971-2048x1365.jpe?strip=all 2048w, https:\/\/emtoqdv5thq.exactdn.com\/wp-content\/uploads\/2025\/04\/ABB2971-scaled.jpe?strip=all&amp;w=512 512w, https:\/\/emtoqdv5thq.exactdn.com\/wp-content\/uploads\/2025\/04\/ABB2971-scaled.jpe?strip=all&amp;w=450 450w\" sizes=\"(max-width: 800px) 100vw, 800px\" \/><\/div><\/a>\n\t\t\t\t<div class=\"elementor-post__badge\">News &amp; Trends<\/div>\n\t\t\t\t<div class=\"elementor-post__text\">\n\t\t\t\t<h3 class=\"elementor-post__title\">\n\t\t\t<a href=\"https:\/\/www.pasflights.com\/de\/aero-2025-friedrichshafen\/\" >\n\t\t\t\tAERO 2025 Friedrichshafen: R\u00fcckblick auf die Messe\t\t\t<\/a>\n\t\t<\/h3>\n\t\t\t\t<div class=\"elementor-post__excerpt\">\n\t\t\t<p>Innovationen, Networking und Messe-Highlights mit PASflights Europas f\u00fchrende Luftfahrtmesse Vom 9. bis 12. April \u00f6ffnete die AERO 2025 in Friedrichshafen erneut ihre Tore \u2013 und<\/p>\n\t\t<\/div>\n\t\t\n\t\t<a class=\"elementor-post__read-more\" href=\"https:\/\/www.pasflights.com\/de\/aero-2025-friedrichshafen\/\" aria-label=\"Mehr \u00fcber AERO 2025 Friedrichshafen: R\u00fcckblick auf die Messe\" tabindex=\"-1\" >\n\t\t\tWeiterlesen \u00bb\t\t<\/a>\n\n\t\t\t\t<\/div>\n\t\t\t\t<div class=\"elementor-post__meta-data\">\n\t\t\t\t\t<span class=\"elementor-post-date\">\n\t\t\t28. April 2025\t\t<\/span>\n\t\t\t\t<\/div>\n\t\t\t\t\t<\/div>\n\t\t<\/article>\n\t\t\t\t<\/div>\n\t\t\n\t\t\t\t<div class=\"e-load-more-anchor\" data-page=\"1\" data-max-page=\"5\" data-next-page=\"https:\/\/www.pasflights.com\/de\/wp-json\/wp\/v2\/pages\/8906\/page\/2\/\"><\/div>\n\t\t\t\t<nav class=\"elementor-pagination\" aria-label=\"Seitennummerierung\">\n\t\t\t<span class=\"page-numbers prev\">&laquo; Voriger<\/span>\n<a class=\"page-numbers next\" href=\"https:\/\/www.pasflights.com\/de\/wp-json\/wp\/v2\/pages\/8906\/page\/2\/\">N\u00e4chster &raquo;<\/a>\t\t<\/nav>\n\t\t\t\t\t\t<\/div>\n\t\t\t\t<\/div>\n\t\t\t\t\t<\/div>\n\t\t<\/div>\n\t\t\t\t\t<\/div>\n\t\t<\/section>\n\t\t\t\t<\/div>\n\t\t","protected":false},"excerpt":{"rendered":"<p>News und Trends \u00a0 | \u00a0 Ratgeber \u00a0 | \u00a0 Reiseziele &amp; Reiseerlebnisse \u00a0 | \u00a0 PAS Inside<\/p>\n","protected":false},"author":2,"featured_media":7200,"parent":0,"menu_order":0,"comment_status":"closed","ping_status":"closed","template":"","meta":{"_acf_changed":false,"footnotes":""},"categories":[],"tags":[],"class_list":["post-8906","page","type-page","status-publish","has-post-thumbnail","hentry"],"acf":[],"yoast_head":"<!-- This site is optimized with the Yoast SEO plugin v27.5 - https:\/\/yoast.com\/product\/yoast-seo-wordpress\/ -->\n<title>PASflights Blog \u2708 Tipps &amp; Tricks f\u00fcr Ihre n\u00e4chste Reise<\/title>\n<meta name=\"description\" content=\"PASflight Blog \u2708 Beliebte Reiseziele \u2714 Ratgeber f\u00fcr Ihre n\u00e4chste Reise \u2714 News und Trends bei PAS \u2714 Noch mehr spannende Themen finden Sie auf | pasflights\" \/>\n<meta name=\"robots\" content=\"index, follow, max-snippet:-1, max-image-preview:large, max-video-preview:-1\" \/>\n<link rel=\"canonical\" href=\"https:\/\/www.pasflights.com\/de\/blog\/\" \/>\n<meta property=\"og:locale\" content=\"de_DE\" \/>\n<meta property=\"og:type\" content=\"article\" \/>\n<meta property=\"og:title\" content=\"PASflights Blog \u2708 Tipps &amp; Tricks f\u00fcr Ihre n\u00e4chste Reise\" \/>\n<meta property=\"og:description\" content=\"PASflight Blog \u2708 Beliebte Reiseziele \u2714 Ratgeber f\u00fcr Ihre n\u00e4chste Reise \u2714 News und Trends bei PAS \u2714 Noch mehr spannende Themen finden Sie auf | pasflights\" \/>\n<meta property=\"og:url\" content=\"https:\/\/www.pasflights.com\/de\/blog\/\" \/>\n<meta property=\"og:site_name\" content=\"Pasflights\" \/>\n<meta property=\"article:modified_time\" content=\"2025-03-20T07:56:15+00:00\" \/>\n<meta property=\"og:image\" content=\"https:\/\/www.pasflights.com\/wp-content\/uploads\/2022\/05\/pasflights-banner-jetcard-scaled.jpg\" \/>\n\t<meta property=\"og:image:width\" content=\"2560\" \/>\n\t<meta property=\"og:image:height\" content=\"733\" \/>\n\t<meta property=\"og:image:type\" content=\"image\/jpeg\" \/>\n<meta name=\"twitter:card\" content=\"summary_large_image\" \/>\n<meta name=\"twitter:label1\" content=\"Gesch\u00e4tzte Lesezeit\" \/>\n\t<meta name=\"twitter:data1\" content=\"4\u00a0Minuten\" \/>\n<script type=\"application\/ld+json\" class=\"yoast-schema-graph\">{\"@context\":\"https:\\\/\\\/schema.org\",\"@graph\":[{\"@type\":\"WebPage\",\"@id\":\"https:\\\/\\\/www.pasflights.com\\\/de\\\/blog\\\/\",\"url\":\"https:\\\/\\\/www.pasflights.com\\\/de\\\/blog\\\/\",\"name\":\"PASflights Blog \u2708 Tipps & Tricks f\u00fcr Ihre n\u00e4chste Reise\",\"isPartOf\":{\"@id\":\"https:\\\/\\\/www.pasflights.com\\\/de\\\/#website\"},\"primaryImageOfPage\":{\"@id\":\"https:\\\/\\\/www.pasflights.com\\\/de\\\/blog\\\/#primaryimage\"},\"image\":{\"@id\":\"https:\\\/\\\/www.pasflights.com\\\/de\\\/blog\\\/#primaryimage\"},\"thumbnailUrl\":\"https:\\\/\\\/emtoqdv5thq.exactdn.com\\\/wp-content\\\/uploads\\\/2022\\\/05\\\/pasflights-banner-jetcard-scaled.jpg?strip=all\",\"datePublished\":\"2022-08-18T04:36:49+00:00\",\"dateModified\":\"2025-03-20T07:56:15+00:00\",\"description\":\"PASflight Blog \u2708 Beliebte Reiseziele \u2714 Ratgeber f\u00fcr Ihre n\u00e4chste Reise \u2714 News und Trends bei PAS \u2714 Noch mehr spannende Themen finden Sie auf | pasflights\",\"breadcrumb\":{\"@id\":\"https:\\\/\\\/www.pasflights.com\\\/de\\\/blog\\\/#breadcrumb\"},\"inLanguage\":\"de\",\"potentialAction\":[{\"@type\":\"ReadAction\",\"target\":[\"https:\\\/\\\/www.pasflights.com\\\/de\\\/blog\\\/\"]}]},{\"@type\":\"ImageObject\",\"inLanguage\":\"de\",\"@id\":\"https:\\\/\\\/www.pasflights.com\\\/de\\\/blog\\\/#primaryimage\",\"url\":\"https:\\\/\\\/emtoqdv5thq.exactdn.com\\\/wp-content\\\/uploads\\\/2022\\\/05\\\/pasflights-banner-jetcard-scaled.jpg?strip=all\",\"contentUrl\":\"https:\\\/\\\/emtoqdv5thq.exactdn.com\\\/wp-content\\\/uploads\\\/2022\\\/05\\\/pasflights-banner-jetcard-scaled.jpg?strip=all\",\"width\":2560,\"height\":733,\"caption\":\"Ein modernes Flugzeug steht still auf einer reflektierenden Oberfl\u00e4che, umgeben von einem pastellfarbenen Himmel bei Sonnenaufgang oder Sonnenuntergang.\"},{\"@type\":\"BreadcrumbList\",\"@id\":\"https:\\\/\\\/www.pasflights.com\\\/de\\\/blog\\\/#breadcrumb\",\"itemListElement\":[{\"@type\":\"ListItem\",\"position\":1,\"name\":\"Startseite\",\"item\":\"https:\\\/\\\/www.pasflights.com\\\/de\\\/\"},{\"@type\":\"ListItem\",\"position\":2,\"name\":\"Blog\"}]},{\"@type\":\"WebSite\",\"@id\":\"https:\\\/\\\/www.pasflights.com\\\/de\\\/#website\",\"url\":\"https:\\\/\\\/www.pasflights.com\\\/de\\\/\",\"name\":\"Pasflights\",\"description\":\"Eine weitere WordPress-Website\",\"potentialAction\":[{\"@type\":\"SearchAction\",\"target\":{\"@type\":\"EntryPoint\",\"urlTemplate\":\"https:\\\/\\\/www.pasflights.com\\\/de\\\/?s={search_term_string}\"},\"query-input\":{\"@type\":\"PropertyValueSpecification\",\"valueRequired\":true,\"valueName\":\"search_term_string\"}}],\"inLanguage\":\"de\"}]}<\/script>\n<!-- \/ Yoast SEO plugin. -->","yoast_head_json":{"title":"PASflights Blog \u2708 Tipps & Tricks f\u00fcr Ihre n\u00e4chste Reise","description":"PASflight Blog \u2708 Beliebte Reiseziele \u2714 Ratgeber f\u00fcr Ihre n\u00e4chste Reise \u2714 News und Trends bei PAS \u2714 Noch mehr spannende Themen finden Sie auf | pasflights","robots":{"index":"index","follow":"follow","max-snippet":"max-snippet:-1","max-image-preview":"max-image-preview:large","max-video-preview":"max-video-preview:-1"},"canonical":"https:\/\/www.pasflights.com\/de\/blog\/","og_locale":"de_DE","og_type":"article","og_title":"PASflights Blog \u2708 Tipps & Tricks f\u00fcr Ihre n\u00e4chste Reise","og_description":"PASflight Blog \u2708 Beliebte Reiseziele \u2714 Ratgeber f\u00fcr Ihre n\u00e4chste Reise \u2714 News und Trends bei PAS \u2714 Noch mehr spannende Themen finden Sie auf | pasflights","og_url":"https:\/\/www.pasflights.com\/de\/blog\/","og_site_name":"Pasflights","article_modified_time":"2025-03-20T07:56:15+00:00","og_image":[{"width":2560,"height":733,"url":"https:\/\/www.pasflights.com\/wp-content\/uploads\/2022\/05\/pasflights-banner-jetcard-scaled.jpg","type":"image\/jpeg"}],"twitter_card":"summary_large_image","twitter_misc":{"Gesch\u00e4tzte Lesezeit":"4\u00a0Minuten"},"schema":{"@context":"https:\/\/schema.org","@graph":[{"@type":"WebPage","@id":"https:\/\/www.pasflights.com\/de\/blog\/","url":"https:\/\/www.pasflights.com\/de\/blog\/","name":"PASflights Blog \u2708 Tipps & Tricks f\u00fcr Ihre n\u00e4chste Reise","isPartOf":{"@id":"https:\/\/www.pasflights.com\/de\/#website"},"primaryImageOfPage":{"@id":"https:\/\/www.pasflights.com\/de\/blog\/#primaryimage"},"image":{"@id":"https:\/\/www.pasflights.com\/de\/blog\/#primaryimage"},"thumbnailUrl":"https:\/\/emtoqdv5thq.exactdn.com\/wp-content\/uploads\/2022\/05\/pasflights-banner-jetcard-scaled.jpg?strip=all","datePublished":"2022-08-18T04:36:49+00:00","dateModified":"2025-03-20T07:56:15+00:00","description":"PASflight Blog \u2708 Beliebte Reiseziele \u2714 Ratgeber f\u00fcr Ihre n\u00e4chste Reise \u2714 News und Trends bei PAS \u2714 Noch mehr spannende Themen finden Sie auf | pasflights","breadcrumb":{"@id":"https:\/\/www.pasflights.com\/de\/blog\/#breadcrumb"},"inLanguage":"de","potentialAction":[{"@type":"ReadAction","target":["https:\/\/www.pasflights.com\/de\/blog\/"]}]},{"@type":"ImageObject","inLanguage":"de","@id":"https:\/\/www.pasflights.com\/de\/blog\/#primaryimage","url":"https:\/\/emtoqdv5thq.exactdn.com\/wp-content\/uploads\/2022\/05\/pasflights-banner-jetcard-scaled.jpg?strip=all","contentUrl":"https:\/\/emtoqdv5thq.exactdn.com\/wp-content\/uploads\/2022\/05\/pasflights-banner-jetcard-scaled.jpg?strip=all","width":2560,"height":733,"caption":"Ein modernes Flugzeug steht still auf einer reflektierenden Oberfl\u00e4che, umgeben von einem pastellfarbenen Himmel bei Sonnenaufgang oder Sonnenuntergang."},{"@type":"BreadcrumbList","@id":"https:\/\/www.pasflights.com\/de\/blog\/#breadcrumb","itemListElement":[{"@type":"ListItem","position":1,"name":"Startseite","item":"https:\/\/www.pasflights.com\/de\/"},{"@type":"ListItem","position":2,"name":"Blog"}]},{"@type":"WebSite","@id":"https:\/\/www.pasflights.com\/de\/#website","url":"https:\/\/www.pasflights.com\/de\/","name":"Pasflights","description":"Eine weitere WordPress-Website","potentialAction":[{"@type":"SearchAction","target":{"@type":"EntryPoint","urlTemplate":"https:\/\/www.pasflights.com\/de\/?s={search_term_string}"},"query-input":{"@type":"PropertyValueSpecification","valueRequired":true,"valueName":"search_term_string"}}],"inLanguage":"de"}]}},"_links":{"self":[{"href":"https:\/\/www.pasflights.com\/de\/wp-json\/wp\/v2\/pages\/8906","targetHints":{"allow":["GET"]}}],"collection":[{"href":"https:\/\/www.pasflights.com\/de\/wp-json\/wp\/v2\/pages"}],"about":[{"href":"https:\/\/www.pasflights.com\/de\/wp-json\/wp\/v2\/types\/page"}],"author":[{"embeddable":true,"href":"https:\/\/www.pasflights.com\/de\/wp-json\/wp\/v2\/users\/2"}],"replies":[{"embeddable":true,"href":"https:\/\/www.pasflights.com\/de\/wp-json\/wp\/v2\/comments?post=8906"}],"version-history":[{"count":10,"href":"https:\/\/www.pasflights.com\/de\/wp-json\/wp\/v2\/pages\/8906\/revisions"}],"predecessor-version":[{"id":19989,"href":"https:\/\/www.pasflights.com\/de\/wp-json\/wp\/v2\/pages\/8906\/revisions\/19989"}],"wp:featuredmedia":[{"embeddable":true,"href":"https:\/\/www.pasflights.com\/de\/wp-json\/wp\/v2\/media\/7200"}],"wp:attachment":[{"href":"https:\/\/www.pasflights.com\/de\/wp-json\/wp\/v2\/media?parent=8906"}],"wp:term":[{"taxonomy":"category","embeddable":true,"href":"https:\/\/www.pasflights.com\/de\/wp-json\/wp\/v2\/categories?post=8906"},{"taxonomy":"post_tag","embeddable":true,"href":"https:\/\/www.pasflights.com\/de\/wp-json\/wp\/v2\/tags?post=8906"}],"curies":[{"name":"wp","href":"https:\/\/api.w.org\/{rel}","templated":true}]}}