{"id":23192,"date":"2022-06-21T10:21:07","date_gmt":"2022-06-21T08:21:07","guid":{"rendered":"https:\/\/www.pasflights.com\/services\/corporate-shuttle\/"},"modified":"2025-10-31T13:14:50","modified_gmt":"2025-10-31T12:14:50","slug":"voyage-entreprise","status":"publish","type":"page","link":"https:\/\/www.pasflights.com\/fr\/services-aeriens-sur-mesure\/voyage-entreprise\/","title":{"rendered":"Voyage d\u2019entreprise"},"content":{"rendered":"\t\t<div data-elementor-type=\"wp-page\" data-elementor-id=\"23192\" class=\"elementor elementor-23192 elementor-8333\" data-elementor-post-type=\"page\">\n\t\t\t\t\t\t<section class=\"elementor-section elementor-top-section elementor-element elementor-element-2bb7da88 elementor-section-boxed elementor-section-height-default elementor-section-height-default\" data-id=\"2bb7da88\" data-element_type=\"section\" data-e-type=\"section\">\n\t\t\t\t\t\t<div class=\"elementor-container elementor-column-gap-default\">\n\t\t\t\t\t<div class=\"elementor-column elementor-col-100 elementor-top-column elementor-element elementor-element-36fba676\" data-id=\"36fba676\" data-element_type=\"column\" data-e-type=\"column\">\n\t\t\t<div class=\"elementor-widget-wrap elementor-element-populated\">\n\t\t\t\t\t\t<div class=\"elementor-element elementor-element-3e673766 elementor-widget elementor-widget-heading\" data-id=\"3e673766\" data-element_type=\"widget\" data-e-type=\"widget\" data-widget_type=\"heading.default\">\n\t\t\t\t<div class=\"elementor-widget-container\">\n\t\t\t\t\t<h1 class=\"elementor-heading-title elementor-size-default\">Voyage d\u2019entreprise<\/h1>\t\t\t\t<\/div>\n\t\t\t\t<\/div>\n\t\t\t\t<div class=\"elementor-element elementor-element-37846780 elementor-widget elementor-widget-text-editor\" data-id=\"37846780\" data-element_type=\"widget\" data-e-type=\"widget\" data-widget_type=\"text-editor.default\">\n\t\t\t\t<div class=\"elementor-widget-container\">\n\t\t\t\t\t\t\t\t\tLes navettes d&rsquo;entreprise sont utilis\u00e9es, par exemple, lorsque vous souhaitez qu&rsquo;un groupe se rende du si\u00e8ge social \u00e0 une usine ou \u00e0 une filiale. Il est fr\u00e9quent que des \u00e9quipes enti\u00e8res de collaborateurs aient besoin de se d\u00e9placer par voie a\u00e9rienne de mani\u00e8re ad\u00e9quate. PASflights est votre partenaire professionnel pour trouver la meilleure connexion a\u00e9rienne et vous accompagner dans la recherche des navettes d&rsquo;entreprise id\u00e9ales.\nNous offrons \u00e0 votre service de gestion des voyages la combinaison la plus professionnelle entre exclusivit\u00e9 et rentabilit\u00e9. Pendant que les employ\u00e9s en d\u00e9placement peuvent continuer \u00e0 se concentrer sur leur travail avec leurs coll\u00e8gues \u00e0 bord de l&rsquo;avion, l&rsquo;entreprise dans son ensemble b\u00e9n\u00e9ficie du rapport qualit\u00e9-prix avantageux d&rsquo;un vol affr\u00e9t\u00e9 exclusif.\nLes vols charters sont souvent plus \u00e9conomiques que les vols r\u00e9guliers en fonction du nombre de passagers. De plus, vous d\u00e9terminez le jour et l&rsquo;heure de vol de votre navette, combinant ainsi une valeur qualit\u00e9-prix parfaite avec une flexibilit\u00e9 maximale.\n\t\t\t\t\t\t\t\t<\/div>\n\t\t\t\t<\/div>\n\t\t\t\t\t<\/div>\n\t\t<\/div>\n\t\t\t\t\t<\/div>\n\t\t<\/section>\n\t\t\t\t<section class=\"elementor-section elementor-top-section elementor-element elementor-element-f9a0806 elementor-section-boxed elementor-section-height-default elementor-section-height-default\" data-id=\"f9a0806\" data-element_type=\"section\" data-e-type=\"section\">\n\t\t\t\t\t\t<div class=\"elementor-container elementor-column-gap-default\">\n\t\t\t\t\t<div class=\"elementor-column elementor-col-100 elementor-top-column elementor-element elementor-element-19c47a1\" data-id=\"19c47a1\" data-element_type=\"column\" data-e-type=\"column\">\n\t\t\t<div class=\"elementor-widget-wrap elementor-element-populated\">\n\t\t\t\t\t\t<div class=\"elementor-element elementor-element-1039827 elementor-widget elementor-widget-text-editor\" data-id=\"1039827\" data-element_type=\"widget\" data-e-type=\"widget\" data-widget_type=\"text-editor.default\">\n\t\t\t\t<div class=\"elementor-widget-container\">\n\t\t\t\t\t\t\t\t\t<p><b>Voyagez efficacement et en toute s\u00e9curit\u00e9 avec les navettes d&rsquo;entreprise !<\/b><\/p><p><span style=\"font-weight: 400;\">Les voyages a\u00e9riens avec une grande partie du personnel sont habituellement co\u00fbteux et chronophages. En plus de devoir se rendre \u00e0 l&rsquo;a\u00e9roport \u00e0 l&rsquo;heure, il faut constamment tenir compte des horaires des compagnies a\u00e9riennes, puis s&rsquo;ajoutent les temps d&rsquo;attente \u00e0 la porte d&#8217;embarquement et aux contr\u00f4les de s\u00e9curit\u00e9.<\/span><\/p><p><span style=\"font-weight: 400;\">Avec les navettes d&rsquo;entreprise (<\/span><i><span style=\"font-weight: 400;\">Corporate shuttles<\/span><\/i><span style=\"font-weight: 400;\">), vous \u00e9vitez ces pertes de temps, qui sont souvent sup\u00e9rieures \u00e0 la dur\u00e9e du vol elle-m\u00eame. Ici, vous choisissez les heures de vol int\u00e9gralement selon votre emploi du temps et d\u00e9cidez, en prime, des a\u00e9roports de d\u00e9part et d&rsquo;arriv\u00e9e. Les avions affr\u00e9t\u00e9s peuvent g\u00e9n\u00e9ralement d\u00e9coller et atterrir dans des a\u00e9roports r\u00e9gionaux qui ne sont pas desservis par les compagnies r\u00e9guli\u00e8res.<\/span><\/p><p><span style=\"font-weight: 400;\">Le contr\u00f4le de s\u00e9curit\u00e9 et le processus d&#8217;embarquement de l&rsquo;appareil sont g\u00e9r\u00e9s beaucoup plus rapidement qu&rsquo;en trafic r\u00e9gulier. Le temps est une ressource, c&rsquo;est pourquoi vous devriez l&rsquo;utiliser de mani\u00e8re efficace et \u00e9conome.<\/span><\/p><p><span style=\"font-weight: 400;\">Votre s\u00e9curit\u00e9 est notre priorit\u00e9 absolue chez PASflights. C&rsquo;est pourquoi, avec nos navettes d&rsquo;entreprise, vous avez l&rsquo;assurance que les jets que nous fournissons ont \u00e9t\u00e9 v\u00e9rifi\u00e9s \u00e0 l&rsquo;aide de notre syst\u00e8me d&rsquo;information fiable, notamment notre audit interne (PAS-Airline audit).<\/span><\/p>\t\t\t\t\t\t\t\t<\/div>\n\t\t\t\t<\/div>\n\t\t\t\t\t<\/div>\n\t\t<\/div>\n\t\t\t\t\t<\/div>\n\t\t<\/section>\n\t\t\t\t<section class=\"elementor-section elementor-top-section elementor-element elementor-element-be2516e elementor-section-boxed elementor-section-height-default elementor-section-height-default\" data-id=\"be2516e\" data-element_type=\"section\" data-e-type=\"section\">\n\t\t\t\t\t\t<div class=\"elementor-container elementor-column-gap-default\">\n\t\t\t\t\t<div class=\"elementor-column elementor-col-100 elementor-top-column elementor-element elementor-element-49c71df\" data-id=\"49c71df\" data-element_type=\"column\" data-e-type=\"column\">\n\t\t\t<div class=\"elementor-widget-wrap elementor-element-populated\">\n\t\t\t\t\t\t<div class=\"elementor-element elementor-element-a895d0b elementor-widget elementor-widget-heading\" data-id=\"a895d0b\" data-element_type=\"widget\" data-e-type=\"widget\" data-widget_type=\"heading.default\">\n\t\t\t\t<div class=\"elementor-widget-container\">\n\t\t\t\t\t<span class=\"elementor-heading-title elementor-size-default\">Contact<\/span>\t\t\t\t<\/div>\n\t\t\t\t<\/div>\n\t\t\t\t<div class=\"elementor-element elementor-element-3927f9b elementor-widget elementor-widget-heading\" data-id=\"3927f9b\" data-element_type=\"widget\" data-e-type=\"widget\" data-widget_type=\"heading.default\">\n\t\t\t\t<div class=\"elementor-widget-container\">\n\t\t\t\t\t<h2 class=\"elementor-heading-title elementor-size-default\">Contact<\/h2>\t\t\t\t<\/div>\n\t\t\t\t<\/div>\n\t\t\t\t<section class=\"elementor-section elementor-inner-section elementor-element elementor-element-d0468c8 elementor-section-boxed elementor-section-height-default elementor-section-height-default\" data-id=\"d0468c8\" data-element_type=\"section\" data-e-type=\"section\" data-settings=\"{&quot;background_background&quot;:&quot;classic&quot;}\">\n\t\t\t\t\t\t<div class=\"elementor-container elementor-column-gap-default\">\n\t\t\t\t\t<div class=\"elementor-column elementor-col-50 elementor-inner-column elementor-element elementor-element-9eb814e\" data-id=\"9eb814e\" data-element_type=\"column\" data-e-type=\"column\">\n\t\t\t<div class=\"elementor-widget-wrap\">\n\t\t\t\t\t\t\t<\/div>\n\t\t<\/div>\n\t\t\t\t<div class=\"elementor-column elementor-col-50 elementor-inner-column elementor-element elementor-element-0e47c88\" data-id=\"0e47c88\" data-element_type=\"column\" data-e-type=\"column\" data-settings=\"{&quot;background_background&quot;:&quot;classic&quot;}\">\n\t\t\t<div class=\"elementor-widget-wrap elementor-element-populated\">\n\t\t\t\t\t\t<div class=\"elementor-element elementor-element-343e8b4 elementor-widget elementor-widget-heading\" data-id=\"343e8b4\" data-element_type=\"widget\" data-e-type=\"widget\" data-widget_type=\"heading.default\">\n\t\t\t\t<div class=\"elementor-widget-container\">\n\t\t\t\t\t<h2 class=\"elementor-heading-title elementor-size-default\">Avez-vous des questions ? Nous sommes l\u00e0 pour vous : par mail, via le formulaire de contact ou par t\u00e9l\u00e9phone !<\/h2>\t\t\t\t<\/div>\n\t\t\t\t<\/div>\n\t\t\t\t<div class=\"elementor-element elementor-element-af28592 elementor-align-start elementor-widget__width-auto elementor-icon-list--layout-traditional elementor-list-item-link-full_width elementor-widget elementor-widget-icon-list\" data-id=\"af28592\" data-element_type=\"widget\" data-e-type=\"widget\" data-widget_type=\"icon-list.default\">\n\t\t\t\t<div class=\"elementor-widget-container\">\n\t\t\t\t\t\t\t<ul class=\"elementor-icon-list-items\">\n\t\t\t\t\t\t\t<li class=\"elementor-icon-list-item\">\n\t\t\t\t\t\t\t\t\t\t\t<a href=\"mailto:france@pasflights.com\">\n\n\t\t\t\t\t\t\t\t\t\t\t\t<span class=\"elementor-icon-list-icon\">\n\t\t\t\t\t\t\t<i aria-hidden=\"true\" class=\"fas fa-envelope\"><\/i>\t\t\t\t\t\t<\/span>\n\t\t\t\t\t\t\t\t\t\t<span class=\"elementor-icon-list-text\">france@pasflights.com<\/span>\n\t\t\t\t\t\t\t\t\t\t\t<\/a>\n\t\t\t\t\t\t\t\t\t<\/li>\n\t\t\t\t\t\t\t\t<li class=\"elementor-icon-list-item\">\n\t\t\t\t\t\t\t\t\t\t\t<a href=\"tel:+33%206%2083%2032%2091%2031\">\n\n\t\t\t\t\t\t\t\t\t\t\t\t<span class=\"elementor-icon-list-icon\">\n\t\t\t\t\t\t\t<i aria-hidden=\"true\" class=\"fas fa-phone-alt\"><\/i>\t\t\t\t\t\t<\/span>\n\t\t\t\t\t\t\t\t\t\t<span class=\"elementor-icon-list-text\">+33 6 83 32 91 31<\/span>\n\t\t\t\t\t\t\t\t\t\t\t<\/a>\n\t\t\t\t\t\t\t\t\t<\/li>\n\t\t\t\t\t\t<\/ul>\n\t\t\t\t\t\t<\/div>\n\t\t\t\t<\/div>\n\t\t\t\t<div class=\"elementor-element elementor-element-d8a33c8 elementor-align-right pinkbuttonfull elementor-tablet-align-left elementor-mobile-align-justify elementor-widget elementor-widget-button\" data-id=\"d8a33c8\" data-element_type=\"widget\" data-e-type=\"widget\" data-widget_type=\"button.default\">\n\t\t\t\t<div class=\"elementor-widget-container\">\n\t\t\t\t\t\t\t\t\t<div class=\"elementor-button-wrapper\">\n\t\t\t\t\t<a class=\"elementor-button elementor-button-link elementor-size-sm\" href=\"\/fr\/contact\/\">\n\t\t\t\t\t\t<span class=\"elementor-button-content-wrapper\">\n\t\t\t\t\t\t\t\t\t<span class=\"elementor-button-text\">CONTACTEZ-NOUS<\/span>\n\t\t\t\t\t<\/span>\n\t\t\t\t\t<\/a>\n\t\t\t\t<\/div>\n\t\t\t\t\t\t\t\t<\/div>\n\t\t\t\t<\/div>\n\t\t\t\t\t<\/div>\n\t\t<\/div>\n\t\t\t\t\t<\/div>\n\t\t<\/section>\n\t\t\t\t<div class=\"elementor-element elementor-element-1291cac elementor-widget elementor-widget-image\" data-id=\"1291cac\" data-element_type=\"widget\" data-e-type=\"widget\" data-widget_type=\"image.default\">\n\t\t\t\t<div class=\"elementor-widget-container\">\n\t\t\t\t\t\t\t\t\t\t\t\t\t\t\t<img fetchpriority=\"high\" decoding=\"async\" width=\"800\" height=\"424\" src=\"https:\/\/emtoqdv5thq.exactdn.com\/wp-content\/uploads\/2024\/08\/privatjet-buchen_kontakt.jpg?strip=all&amp;fit=800%2C424\" class=\"attachment-large size-large wp-image-22823\" alt=\"Eine Frau mit Kopfh\u00f6rern sitzt im Flugzeug, l\u00e4chelt entspannt und h\u00e4lt ein Glas, w\u00e4hrend sie aus dem Fenster schaut.\" srcset=\"https:\/\/emtoqdv5thq.exactdn.com\/wp-content\/uploads\/2024\/08\/privatjet-buchen_kontakt.jpg?strip=all 1272w, https:\/\/emtoqdv5thq.exactdn.com\/wp-content\/uploads\/2024\/08\/privatjet-buchen_kontakt-300x159.jpg?strip=all 300w, https:\/\/emtoqdv5thq.exactdn.com\/wp-content\/uploads\/2024\/08\/privatjet-buchen_kontakt-1024x543.jpg?strip=all 1024w, https:\/\/emtoqdv5thq.exactdn.com\/wp-content\/uploads\/2024\/08\/privatjet-buchen_kontakt-768x407.jpg?strip=all 768w, https:\/\/emtoqdv5thq.exactdn.com\/wp-content\/uploads\/2024\/08\/privatjet-buchen_kontakt.jpg?strip=all&amp;w=508 508w, https:\/\/emtoqdv5thq.exactdn.com\/wp-content\/uploads\/2024\/08\/privatjet-buchen_kontakt.jpg?strip=all&amp;w=450 450w\" sizes=\"(max-width: 800px) 100vw, 800px\" \/>\t\t\t\t\t\t\t\t\t\t\t\t\t\t\t<\/div>\n\t\t\t\t<\/div>\n\t\t\t\t\t<\/div>\n\t\t<\/div>\n\t\t\t\t\t<\/div>\n\t\t<\/section>\n\t\t\t\t<\/div>\n\t\t","protected":false},"excerpt":{"rendered":"<p>Voyage d\u2019entreprise Les navettes d&rsquo;entreprise sont utilis\u00e9es, par exemple, lorsque vous souhaitez qu&rsquo;un groupe se rende du si\u00e8ge social \u00e0 une usine ou \u00e0 une filiale. Il est fr\u00e9quent que des \u00e9quipes enti\u00e8res de collaborateurs aient besoin de se d\u00e9placer par voie a\u00e9rienne de mani\u00e8re ad\u00e9quate. PASflights est votre partenaire professionnel pour trouver la meilleure [&hellip;]<\/p>\n","protected":false},"author":5,"featured_media":21340,"parent":23180,"menu_order":100,"comment_status":"closed","ping_status":"closed","template":"","meta":{"_acf_changed":false,"footnotes":""},"categories":[],"tags":[160],"class_list":["post-23192","page","type-page","status-publish","has-post-thumbnail","hentry","tag-service-fr"],"acf":[],"yoast_head":"<!-- This site is optimized with the Yoast SEO plugin v27.4 - https:\/\/yoast.com\/product\/yoast-seo-wordpress\/ -->\n<title>Voyage d\u2019entreprise - Pasflights<\/title>\n<meta name=\"description\" content=\"\u2014Meta description not set.\" \/>\n<meta name=\"robots\" content=\"index, follow, max-snippet:-1, max-image-preview:large, max-video-preview:-1\" \/>\n<link rel=\"canonical\" href=\"https:\/\/www.pasflights.com\/fr\/services-aeriens-sur-mesure\/voyage-entreprise\/\" \/>\n<meta property=\"og:locale\" content=\"fr_FR\" \/>\n<meta property=\"og:type\" content=\"article\" \/>\n<meta property=\"og:title\" content=\"Voyage d\u2019entreprise - Pasflights\" \/>\n<meta property=\"og:description\" content=\"\u2014Meta description not set.\" \/>\n<meta property=\"og:url\" content=\"https:\/\/www.pasflights.com\/fr\/services-aeriens-sur-mesure\/voyage-entreprise\/\" \/>\n<meta property=\"og:site_name\" content=\"Pasflights\" \/>\n<meta property=\"article:modified_time\" content=\"2025-10-31T12:14:50+00:00\" \/>\n<meta property=\"og:image\" content=\"https:\/\/www.pasflights.com\/wp-content\/uploads\/2022\/06\/Flugzeugcharter-Corporate-Shuttle-scaled.jpg\" \/>\n\t<meta property=\"og:image:width\" content=\"2560\" \/>\n\t<meta property=\"og:image:height\" content=\"733\" \/>\n\t<meta property=\"og:image:type\" content=\"image\/jpeg\" \/>\n<meta name=\"twitter:card\" content=\"summary_large_image\" \/>\n<meta name=\"twitter:label1\" content=\"Dur\u00e9e de lecture estim\u00e9e\" \/>\n\t<meta name=\"twitter:data1\" content=\"3 minutes\" \/>\n<script type=\"application\/ld+json\" class=\"yoast-schema-graph\">{\"@context\":\"https:\\\/\\\/schema.org\",\"@graph\":[{\"@type\":\"WebPage\",\"@id\":\"https:\\\/\\\/www.pasflights.com\\\/fr\\\/services-aeriens-sur-mesure\\\/voyage-entreprise\\\/\",\"url\":\"https:\\\/\\\/www.pasflights.com\\\/fr\\\/services-aeriens-sur-mesure\\\/voyage-entreprise\\\/\",\"name\":\"Voyage d\u2019entreprise - Pasflights\",\"isPartOf\":{\"@id\":\"https:\\\/\\\/www.pasflights.com\\\/fr\\\/#website\"},\"primaryImageOfPage\":{\"@id\":\"https:\\\/\\\/www.pasflights.com\\\/fr\\\/services-aeriens-sur-mesure\\\/voyage-entreprise\\\/#primaryimage\"},\"image\":{\"@id\":\"https:\\\/\\\/www.pasflights.com\\\/fr\\\/services-aeriens-sur-mesure\\\/voyage-entreprise\\\/#primaryimage\"},\"thumbnailUrl\":\"https:\\\/\\\/emtoqdv5thq.exactdn.com\\\/wp-content\\\/uploads\\\/2022\\\/06\\\/Flugzeugcharter-Corporate-Shuttle-scaled.jpg?strip=all\",\"datePublished\":\"2022-06-21T08:21:07+00:00\",\"dateModified\":\"2025-10-31T12:14:50+00:00\",\"description\":\"\u2014Meta description not set.\",\"breadcrumb\":{\"@id\":\"https:\\\/\\\/www.pasflights.com\\\/fr\\\/services-aeriens-sur-mesure\\\/voyage-entreprise\\\/#breadcrumb\"},\"inLanguage\":\"fr-FR\",\"potentialAction\":[{\"@type\":\"ReadAction\",\"target\":[\"https:\\\/\\\/www.pasflights.com\\\/fr\\\/services-aeriens-sur-mesure\\\/voyage-entreprise\\\/\"]}]},{\"@type\":\"ImageObject\",\"inLanguage\":\"fr-FR\",\"@id\":\"https:\\\/\\\/www.pasflights.com\\\/fr\\\/services-aeriens-sur-mesure\\\/voyage-entreprise\\\/#primaryimage\",\"url\":\"https:\\\/\\\/emtoqdv5thq.exactdn.com\\\/wp-content\\\/uploads\\\/2022\\\/06\\\/Flugzeugcharter-Corporate-Shuttle-scaled.jpg?strip=all\",\"contentUrl\":\"https:\\\/\\\/emtoqdv5thq.exactdn.com\\\/wp-content\\\/uploads\\\/2022\\\/06\\\/Flugzeugcharter-Corporate-Shuttle-scaled.jpg?strip=all\",\"width\":2560,\"height\":733,\"caption\":\"Eine Passagierin steigt mit einem Koffer in ein Privatflugzeug ein. Zwei Flugbegleiter und ein Pilot stehen zur Begr\u00fc\u00dfung bereit. Umgebung: Flughafen.\"},{\"@type\":\"BreadcrumbList\",\"@id\":\"https:\\\/\\\/www.pasflights.com\\\/fr\\\/services-aeriens-sur-mesure\\\/voyage-entreprise\\\/#breadcrumb\",\"itemListElement\":[{\"@type\":\"ListItem\",\"position\":1,\"name\":\"Startseite\",\"item\":\"https:\\\/\\\/www.pasflights.com\\\/fr\\\/\"},{\"@type\":\"ListItem\",\"position\":2,\"name\":\"Services a\u00e9riens\",\"item\":\"https:\\\/\\\/www.pasflights.com\\\/fr\\\/services-aeriens-sur-mesure\\\/\"},{\"@type\":\"ListItem\",\"position\":3,\"name\":\"Voyage d\u2019entreprise\"}]},{\"@type\":\"WebSite\",\"@id\":\"https:\\\/\\\/www.pasflights.com\\\/fr\\\/#website\",\"url\":\"https:\\\/\\\/www.pasflights.com\\\/fr\\\/\",\"name\":\"Pasflights\",\"description\":\"Eine weitere WordPress-Website\",\"potentialAction\":[{\"@type\":\"SearchAction\",\"target\":{\"@type\":\"EntryPoint\",\"urlTemplate\":\"https:\\\/\\\/www.pasflights.com\\\/fr\\\/?s={search_term_string}\"},\"query-input\":{\"@type\":\"PropertyValueSpecification\",\"valueRequired\":true,\"valueName\":\"search_term_string\"}}],\"inLanguage\":\"fr-FR\"}]}<\/script>\n<!-- \/ Yoast SEO plugin. -->","yoast_head_json":{"title":"Voyage d\u2019entreprise - Pasflights","description":"\u2014Meta description not set.","robots":{"index":"index","follow":"follow","max-snippet":"max-snippet:-1","max-image-preview":"max-image-preview:large","max-video-preview":"max-video-preview:-1"},"canonical":"https:\/\/www.pasflights.com\/fr\/services-aeriens-sur-mesure\/voyage-entreprise\/","og_locale":"fr_FR","og_type":"article","og_title":"Voyage d\u2019entreprise - Pasflights","og_description":"\u2014Meta description not set.","og_url":"https:\/\/www.pasflights.com\/fr\/services-aeriens-sur-mesure\/voyage-entreprise\/","og_site_name":"Pasflights","article_modified_time":"2025-10-31T12:14:50+00:00","og_image":[{"width":2560,"height":733,"url":"https:\/\/www.pasflights.com\/wp-content\/uploads\/2022\/06\/Flugzeugcharter-Corporate-Shuttle-scaled.jpg","type":"image\/jpeg"}],"twitter_card":"summary_large_image","twitter_misc":{"Dur\u00e9e de lecture estim\u00e9e":"3 minutes"},"schema":{"@context":"https:\/\/schema.org","@graph":[{"@type":"WebPage","@id":"https:\/\/www.pasflights.com\/fr\/services-aeriens-sur-mesure\/voyage-entreprise\/","url":"https:\/\/www.pasflights.com\/fr\/services-aeriens-sur-mesure\/voyage-entreprise\/","name":"Voyage d\u2019entreprise - Pasflights","isPartOf":{"@id":"https:\/\/www.pasflights.com\/fr\/#website"},"primaryImageOfPage":{"@id":"https:\/\/www.pasflights.com\/fr\/services-aeriens-sur-mesure\/voyage-entreprise\/#primaryimage"},"image":{"@id":"https:\/\/www.pasflights.com\/fr\/services-aeriens-sur-mesure\/voyage-entreprise\/#primaryimage"},"thumbnailUrl":"https:\/\/emtoqdv5thq.exactdn.com\/wp-content\/uploads\/2022\/06\/Flugzeugcharter-Corporate-Shuttle-scaled.jpg?strip=all","datePublished":"2022-06-21T08:21:07+00:00","dateModified":"2025-10-31T12:14:50+00:00","description":"\u2014Meta description not set.","breadcrumb":{"@id":"https:\/\/www.pasflights.com\/fr\/services-aeriens-sur-mesure\/voyage-entreprise\/#breadcrumb"},"inLanguage":"fr-FR","potentialAction":[{"@type":"ReadAction","target":["https:\/\/www.pasflights.com\/fr\/services-aeriens-sur-mesure\/voyage-entreprise\/"]}]},{"@type":"ImageObject","inLanguage":"fr-FR","@id":"https:\/\/www.pasflights.com\/fr\/services-aeriens-sur-mesure\/voyage-entreprise\/#primaryimage","url":"https:\/\/emtoqdv5thq.exactdn.com\/wp-content\/uploads\/2022\/06\/Flugzeugcharter-Corporate-Shuttle-scaled.jpg?strip=all","contentUrl":"https:\/\/emtoqdv5thq.exactdn.com\/wp-content\/uploads\/2022\/06\/Flugzeugcharter-Corporate-Shuttle-scaled.jpg?strip=all","width":2560,"height":733,"caption":"Eine Passagierin steigt mit einem Koffer in ein Privatflugzeug ein. Zwei Flugbegleiter und ein Pilot stehen zur Begr\u00fc\u00dfung bereit. Umgebung: Flughafen."},{"@type":"BreadcrumbList","@id":"https:\/\/www.pasflights.com\/fr\/services-aeriens-sur-mesure\/voyage-entreprise\/#breadcrumb","itemListElement":[{"@type":"ListItem","position":1,"name":"Startseite","item":"https:\/\/www.pasflights.com\/fr\/"},{"@type":"ListItem","position":2,"name":"Services a\u00e9riens","item":"https:\/\/www.pasflights.com\/fr\/services-aeriens-sur-mesure\/"},{"@type":"ListItem","position":3,"name":"Voyage d\u2019entreprise"}]},{"@type":"WebSite","@id":"https:\/\/www.pasflights.com\/fr\/#website","url":"https:\/\/www.pasflights.com\/fr\/","name":"Pasflights","description":"Eine weitere WordPress-Website","potentialAction":[{"@type":"SearchAction","target":{"@type":"EntryPoint","urlTemplate":"https:\/\/www.pasflights.com\/fr\/?s={search_term_string}"},"query-input":{"@type":"PropertyValueSpecification","valueRequired":true,"valueName":"search_term_string"}}],"inLanguage":"fr-FR"}]}},"_links":{"self":[{"href":"https:\/\/www.pasflights.com\/fr\/wp-json\/wp\/v2\/pages\/23192","targetHints":{"allow":["GET"]}}],"collection":[{"href":"https:\/\/www.pasflights.com\/fr\/wp-json\/wp\/v2\/pages"}],"about":[{"href":"https:\/\/www.pasflights.com\/fr\/wp-json\/wp\/v2\/types\/page"}],"author":[{"embeddable":true,"href":"https:\/\/www.pasflights.com\/fr\/wp-json\/wp\/v2\/users\/5"}],"replies":[{"embeddable":true,"href":"https:\/\/www.pasflights.com\/fr\/wp-json\/wp\/v2\/comments?post=23192"}],"version-history":[{"count":4,"href":"https:\/\/www.pasflights.com\/fr\/wp-json\/wp\/v2\/pages\/23192\/revisions"}],"predecessor-version":[{"id":23549,"href":"https:\/\/www.pasflights.com\/fr\/wp-json\/wp\/v2\/pages\/23192\/revisions\/23549"}],"up":[{"embeddable":true,"href":"https:\/\/www.pasflights.com\/fr\/wp-json\/wp\/v2\/pages\/23180"}],"wp:featuredmedia":[{"embeddable":true,"href":"https:\/\/www.pasflights.com\/fr\/wp-json\/wp\/v2\/media\/21340"}],"wp:attachment":[{"href":"https:\/\/www.pasflights.com\/fr\/wp-json\/wp\/v2\/media?parent=23192"}],"wp:term":[{"taxonomy":"category","embeddable":true,"href":"https:\/\/www.pasflights.com\/fr\/wp-json\/wp\/v2\/categories?post=23192"},{"taxonomy":"post_tag","embeddable":true,"href":"https:\/\/www.pasflights.com\/fr\/wp-json\/wp\/v2\/tags?post=23192"}],"curies":[{"name":"wp","href":"https:\/\/api.w.org\/{rel}","templated":true}]}}